{"id":8325,"date":"2026-09-04T22:59:52","date_gmt":"2026-09-04T20:59:52","guid":{"rendered":"https:\/\/ecole-steiner-verrieres.org\/?post_type=tribe_events&#038;p=8325"},"modified":"2026-09-04T22:59:52","modified_gmt":"2026-09-04T20:59:52","slug":"cine-club-be-kind-rewind","status":"publish","type":"tribe_events","link":"https:\/\/ecole-steiner-verrieres.org\/en\/evenement\/cine-club-be-kind-rewind\/","title":{"rendered":"Cin\u00e9-club : &#8220;Be kind, rewind!&#8221; de Michel Gondry"},"content":{"rendered":"<div class=\"is-root-container is-desktop-preview is-layout-flow wp-block-post-content-is-layout-flow wp-block-post-content block-editor-block-list__layout\">\n<p>En pr\u00e9sence d&#8217;un invit\u00e9 sp\u00e9cial, compositeur de musique \u00e0 l&#8217;image. L&#8217;\u00e9quipe du cin\u00e9-club, compos\u00e9e de grands \u00e9l\u00e8ves et de professeurs, vous invite \u00e0 sa prochaine projection dans la grande salle Odilon-Redon !<\/p>\n<p>Cycle 2026-2027 : la m\u00e9canique du rire<\/p>\n<p id=\"block-f508e390-fc98-439b-a7b9-bb6b7ac3de4e\" class=\"block-editor-rich-text__editable block-editor-block-list__block wp-block wp-block-paragraph rich-text\" role=\"document\" aria-multiline=\"true\" aria-readonly=\"false\" aria-label=\"Bloc\u00a0: paragraphe\" data-block=\"f508e390-fc98-439b-a7b9-bb6b7ac3de4e\" data-type=\"core\/paragraph\" data-title=\"Paragraphe\" data-empty=\"false\" data-wp-block-attribute-key=\"content\"><strong>&#8220;Be kind, rewind!&#8221; (2008), de Michel Gondry, <\/strong>\u00c9tats-Unis\/France\/Royaume-Uni ; dur\u00e9e : 1h42. VOST<\/p>\n<p class=\"block-editor-rich-text__editable block-editor-block-list__block wp-block wp-block-paragraph rich-text\" role=\"document\" aria-multiline=\"true\" aria-readonly=\"false\" aria-label=\"Bloc\u00a0: paragraphe\" data-block=\"f508e390-fc98-439b-a7b9-bb6b7ac3de4e\" data-type=\"core\/paragraph\" data-title=\"Paragraphe\" data-empty=\"false\" data-wp-block-attribute-key=\"content\"><strong data-rich-text-format-boundary=\"true\">Rendez-vous mardi 15 d\u00e9cembre 2026 \u00e0 18h45 dans la grande salle.<\/strong><\/p>\n<p id=\"block-b07ba3c7-99bf-460f-b470-9abd0dbfbd36\" class=\"block-editor-rich-text__editable block-editor-block-list__block wp-block wp-block-paragraph rich-text\" role=\"document\" aria-multiline=\"true\" aria-readonly=\"false\" aria-label=\"Bloc\u00a0: paragraphe\" data-block=\"b07ba3c7-99bf-460f-b470-9abd0dbfbd36\" data-type=\"core\/paragraph\" data-title=\"Paragraphe\" data-empty=\"false\" data-wp-block-attribute-key=\"content\">Bulletin d&#8217;adh\u00e9sion \u00e0 demander \u00e0 l&#8217;accueil ou \u00e0 l&#8217;entr\u00e9e de la s\u00e9ance.<\/p>\n<p id=\"block-6f27ba70-c3e5-45e6-8d8a-70e4d3481a5c\" class=\"block-editor-rich-text__editable block-editor-block-list__block wp-block wp-block-paragraph rich-text\" role=\"document\" aria-multiline=\"true\" aria-readonly=\"false\" aria-label=\"Bloc\u00a0: paragraphe\" data-block=\"6f27ba70-c3e5-45e6-8d8a-70e4d3481a5c\" data-type=\"core\/paragraph\" data-title=\"Paragraphe\" data-empty=\"false\" data-wp-block-attribute-key=\"content\">Ouvert \u00e0 tous sur adh\u00e9sion annuelle : 25\u20ac.<br \/>\nLe tarif pour les \u00e9l\u00e8ves de l&#8217;\u00e9cole est de 20\u20ac (le cin\u00e9-club est ouvert aux \u00e9l\u00e8ves <i>\u00e0 partir de la 9e classe<\/i>).<\/p>\n<p>Chaque s\u00e9ance se d\u00e9roule comme suit : pr\u00e9sentation travaill\u00e9e par les \u00e9l\u00e8ves ; projection ; \u00e9changes\/d\u00e9bat.<\/p>\n<p><span style=\"color: #000000;\"><span style=\"font-size: medium;\">En pr\u00e9sence d\u2019un compositeur de musique \u00e0 l\u2019image comme invit\u00e9 sp\u00e9cial\u00a0!<\/span><\/span><\/p>\n<\/div>","protected":false},"excerpt":{"rendered":"<p>En pr\u00e9sence d&#8217;un invit\u00e9 sp\u00e9cial, compositeur de musique \u00e0 l&#8217;image. L&#8217;\u00e9quipe du cin\u00e9-club, compos\u00e9e de grands \u00e9l\u00e8ves et de professeurs, vous invite \u00e0 sa prochaine projection dans la grande salle [&hellip;]<\/p>\n","protected":false},"author":3,"featured_media":8327,"template":"","meta":{"_tribe_events_status":"","_tribe_events_status_reason":"","footnotes":""},"tags":[94,67],"tribe_events_cat":[90],"class_list":["post-8325","tribe_events","type-tribe_events","status-publish","has-post-thumbnail","hentry","tag-cine-club","tag-evenement","tribe_events_cat-evenement-ecole","cat_evenement-ecole"],"_links":{"self":[{"href":"https:\/\/ecole-steiner-verrieres.org\/en\/wp-json\/wp\/v2\/tribe_events\/8325","targetHints":{"allow":["GET"]}}],"collection":[{"href":"https:\/\/ecole-steiner-verrieres.org\/en\/wp-json\/wp\/v2\/tribe_events"}],"about":[{"href":"https:\/\/ecole-steiner-verrieres.org\/en\/wp-json\/wp\/v2\/types\/tribe_events"}],"author":[{"embeddable":true,"href":"https:\/\/ecole-steiner-verrieres.org\/en\/wp-json\/wp\/v2\/users\/3"}],"version-history":[{"count":2,"href":"https:\/\/ecole-steiner-verrieres.org\/en\/wp-json\/wp\/v2\/tribe_events\/8325\/revisions"}],"predecessor-version":[{"id":8328,"href":"https:\/\/ecole-steiner-verrieres.org\/en\/wp-json\/wp\/v2\/tribe_events\/8325\/revisions\/8328"}],"wp:featuredmedia":[{"embeddable":true,"href":"https:\/\/ecole-steiner-verrieres.org\/en\/wp-json\/wp\/v2\/media\/8327"}],"wp:attachment":[{"href":"https:\/\/ecole-steiner-verrieres.org\/en\/wp-json\/wp\/v2\/media?parent=8325"}],"wp:term":[{"taxonomy":"post_tag","embeddable":true,"href":"https:\/\/ecole-steiner-verrieres.org\/en\/wp-json\/wp\/v2\/tags?post=8325"},{"taxonomy":"tribe_events_cat","embeddable":true,"href":"https:\/\/ecole-steiner-verrieres.org\/en\/wp-json\/wp\/v2\/tribe_events_cat?post=8325"}],"curies":[{"name":"wp","href":"https:\/\/api.w.org\/{rel}","templated":true}]}}